{"version":"1.0","provider_name":"dmcsrb.com","provider_url":"https:\/\/dmcsrb.com\/en","author_name":"dmcsrbija.com@gmail.com","author_url":"https:\/\/dmcsrb.com\/en\/author\/dmcsrbija-comgmail-com\/","title":"Rov\u010danin: Izabra\u0107emo sudije Ustavnog suda do kraja godine - dmcsrb.com","type":"rich","width":600,"height":338,"html":"<blockquote class=\"wp-embedded-content\" data-secret=\"9F73F2PaIB\"><a href=\"https:\/\/dmcsrb.com\/en\/hronika\/rovcanin-izabracemo-sudije-ustavnog-suda-do-kraja-godine\/\">Rov\u010danin: Izabra\u0107emo sudije Ustavnog suda do kraja godine<\/a><\/blockquote><iframe sandbox=\"allow-scripts\" security=\"restricted\" src=\"https:\/\/dmcsrb.com\/en\/hronika\/rovcanin-izabracemo-sudije-ustavnog-suda-do-kraja-godine\/embed\/#?secret=9F73F2PaIB\" width=\"600\" height=\"338\" title=\"&#8220;Rov\u010danin: Izabra\u0107emo sudije Ustavnog suda do kraja godine&#8221; &#8212; dmcsrb.com\" data-secret=\"9F73F2PaIB\" frameborder=\"0\" marginwidth=\"0\" marginheight=\"0\" scrolling=\"no\" class=\"wp-embedded-content\"><\/iframe><script>\n\/*! This file is auto-generated *\/\n!function(d,l){\"use strict\";l.querySelector&&d.addEventListener&&\"undefined\"!=typeof URL&&(d.wp=d.wp||{},d.wp.receiveEmbedMessage||(d.wp.receiveEmbedMessage=function(e){var t=e.data;if((t||t.secret||t.message||t.value)&&!\/[^a-zA-Z0-9]\/.test(t.secret)){for(var s,r,n,a=l.querySelectorAll('iframe[data-secret=\"'+t.secret+'\"]'),o=l.querySelectorAll('blockquote[data-secret=\"'+t.secret+'\"]'),c=new RegExp(\"^https?:$\",\"i\"),i=0;i<o.length;i++)o[i].style.display=\"none\";for(i=0;i<a.length;i++)s=a[i],e.source===s.contentWindow&&(s.removeAttribute(\"style\"),\"height\"===t.message?(1e3<(r=parseInt(t.value,10))?r=1e3:~~r<200&&(r=200),s.height=r):\"link\"===t.message&&(r=new URL(s.getAttribute(\"src\")),n=new URL(t.value),c.test(n.protocol))&&n.host===r.host&&l.activeElement===s&&(d.top.location.href=t.value))}},d.addEventListener(\"message\",d.wp.receiveEmbedMessage,!1),l.addEventListener(\"DOMContentLoaded\",function(){for(var e,t,s=l.querySelectorAll(\"iframe.wp-embedded-content\"),r=0;r<s.length;r++)(t=(e=s[r]).getAttribute(\"data-secret\"))||(t=Math.random().toString(36).substring(2,12),e.src+=\"#?secret=\"+t,e.setAttribute(\"data-secret\",t)),e.contentWindow.postMessage({message:\"ready\",secret:t},\"*\")},!1)))}(window,document);\n\/\/# sourceURL=https:\/\/dmcsrb.com\/wp-includes\/js\/wp-embed.min.js\n<\/script>","thumbnail_url":"https:\/\/dmcsrb.com\/wp-content\/uploads\/2026\/01\/sastanak-posp-a-foto-skupstina.webp","thumbnail_width":893,"thumbnail_height":518,"description":"U skladu sa te\u017enjama EU \u010dlanstva, vladaju\u0107a ve\u0107ina \u0107e do kraja godine izabrati sudije Ustavnog suda. To je Radiju Crne Gore saop\u0161tio \u010dlan mati\u010dnog skup\u0161tinskog odbora, poslanik Demokrata Nikola Rov\u010danin, demantuju\u0107i tvrdnje predsjednika dr\u017eave da ve\u0107ina zapravo opstruira proces jer \u017eeli kontrolu nad jednom od najva\u017enijih sudskih instanci. Da su upravo zbog odnosa vladaju\u0107e ve\u0107ine prema izboru sudija Ustavnog suda gra\u0111ani u opasnosti, upozorava savjetnik prvog \u010dovjeka dr\u017eave, Dejan Vuk\u0161i\u0107. Ta institucija, umjesto da bude brana protiv samovolje vlasti, pretvara se, kako konstatuje Vuk\u0161i\u0107, u produ\u017eenu ruku partijskih \u0161efova."}