{"version":"1.0","provider_name":"dmcsrb.com","provider_url":"https:\/\/dmcsrb.com\/en","author_name":"dmcsrbija.com@gmail.com","author_url":"https:\/\/dmcsrb.com\/en\/author\/dmcsrbija-comgmail-com\/","title":"Vuki\u0107evi\u0107: \u017deljeznica ostaje strate\u0161ki prioritet - dmcsrb.com","type":"rich","width":600,"height":338,"html":"<blockquote class=\"wp-embedded-content\" data-secret=\"dYPpw7Czvq\"><a href=\"https:\/\/dmcsrb.com\/en\/ekonomija\/vukicevic-zeljeznica-ostaje-strateski-prioritet\/\">Vuki\u0107evi\u0107: \u017deljeznica ostaje strate\u0161ki prioritet<\/a><\/blockquote><iframe sandbox=\"allow-scripts\" security=\"restricted\" src=\"https:\/\/dmcsrb.com\/en\/ekonomija\/vukicevic-zeljeznica-ostaje-strateski-prioritet\/embed\/#?secret=dYPpw7Czvq\" width=\"600\" height=\"338\" title=\"&#8220;Vuki\u0107evi\u0107: \u017deljeznica ostaje strate\u0161ki prioritet&#8221; &#8212; dmcsrb.com\" data-secret=\"dYPpw7Czvq\" frameborder=\"0\" marginwidth=\"0\" marginheight=\"0\" scrolling=\"no\" class=\"wp-embedded-content\"><\/iframe><script>\n\/*! This file is auto-generated *\/\n!function(d,l){\"use strict\";l.querySelector&&d.addEventListener&&\"undefined\"!=typeof URL&&(d.wp=d.wp||{},d.wp.receiveEmbedMessage||(d.wp.receiveEmbedMessage=function(e){var t=e.data;if((t||t.secret||t.message||t.value)&&!\/[^a-zA-Z0-9]\/.test(t.secret)){for(var s,r,n,a=l.querySelectorAll('iframe[data-secret=\"'+t.secret+'\"]'),o=l.querySelectorAll('blockquote[data-secret=\"'+t.secret+'\"]'),c=new RegExp(\"^https?:$\",\"i\"),i=0;i<o.length;i++)o[i].style.display=\"none\";for(i=0;i<a.length;i++)s=a[i],e.source===s.contentWindow&&(s.removeAttribute(\"style\"),\"height\"===t.message?(1e3<(r=parseInt(t.value,10))?r=1e3:~~r<200&&(r=200),s.height=r):\"link\"===t.message&&(r=new URL(s.getAttribute(\"src\")),n=new URL(t.value),c.test(n.protocol))&&n.host===r.host&&l.activeElement===s&&(d.top.location.href=t.value))}},d.addEventListener(\"message\",d.wp.receiveEmbedMessage,!1),l.addEventListener(\"DOMContentLoaded\",function(){for(var e,t,s=l.querySelectorAll(\"iframe.wp-embedded-content\"),r=0;r<s.length;r++)(t=(e=s[r]).getAttribute(\"data-secret\"))||(t=Math.random().toString(36).substring(2,12),e.src+=\"#?secret=\"+t,e.setAttribute(\"data-secret\",t)),e.contentWindow.postMessage({message:\"ready\",secret:t},\"*\")},!1)))}(window,document);\n\/\/# sourceURL=https:\/\/dmcsrb.com\/wp-includes\/js\/wp-embed.min.js\n<\/script>","thumbnail_url":"https:\/\/dmcsrb.com\/wp-content\/uploads\/2026\/01\/Maja-VukicevicYT.webp","thumbnail_width":1181,"thumbnail_height":605,"description":"Ministarka saobra\u0107aja\u00a0Maja Vuki\u0107evi\u0107\u00a0saop\u0161tila je u Skup\u0161tini da pro\u0161le godine nije bila zadovoljna bud\u017eetom koji je bio opredijeljen za \u017deljeznicu Crne Gore. Odgovaraju\u0107i na pitanje poslanika Demokratske partije socijalista (DPS)\u00a0Nikole Rako\u010devi\u0107a, ona je istakla da Vlada nije ispo\u0161tovala obaveze koje je sama preuzela usvajanjem Nacionalnog programa ulaganja u \u017eeljezni\u010dku infrastrukturu."}