{"version":"1.0","provider_name":"dmcsrb.com","provider_url":"https:\/\/dmcsrb.com\/en","author_name":"dmcsrbija.com@gmail.com","author_url":"https:\/\/dmcsrb.com\/en\/author\/dmcsrbija-comgmail-com\/","title":"Mandi\u0107: Bo\u017eovi\u0107 polo\u017eio \u017eivot \u010duvaju\u0107i zemlju i narod - dmcsrb.com","type":"rich","width":600,"height":338,"html":"<blockquote class=\"wp-embedded-content\" data-secret=\"dUTQn31SOv\"><a href=\"https:\/\/dmcsrb.com\/en\/drustvo\/mandic-bozovic-polozio-zivot-cuvajuci-zemlju-i-narod\/\">Mandi\u0107: Bo\u017eovi\u0107 polo\u017eio \u017eivot \u010duvaju\u0107i zemlju i narod<\/a><\/blockquote><iframe sandbox=\"allow-scripts\" security=\"restricted\" src=\"https:\/\/dmcsrb.com\/en\/drustvo\/mandic-bozovic-polozio-zivot-cuvajuci-zemlju-i-narod\/embed\/#?secret=dUTQn31SOv\" width=\"600\" height=\"338\" title=\"&#8220;Mandi\u0107: Bo\u017eovi\u0107 polo\u017eio \u017eivot \u010duvaju\u0107i zemlju i narod&#8221; &#8212; dmcsrb.com\" data-secret=\"dUTQn31SOv\" frameborder=\"0\" marginwidth=\"0\" marginheight=\"0\" scrolling=\"no\" class=\"wp-embedded-content\"><\/iframe><script>\n\/*! This file is auto-generated *\/\n!function(d,l){\"use strict\";l.querySelector&&d.addEventListener&&\"undefined\"!=typeof URL&&(d.wp=d.wp||{},d.wp.receiveEmbedMessage||(d.wp.receiveEmbedMessage=function(e){var t=e.data;if((t||t.secret||t.message||t.value)&&!\/[^a-zA-Z0-9]\/.test(t.secret)){for(var s,r,n,a=l.querySelectorAll('iframe[data-secret=\"'+t.secret+'\"]'),o=l.querySelectorAll('blockquote[data-secret=\"'+t.secret+'\"]'),c=new RegExp(\"^https?:$\",\"i\"),i=0;i<o.length;i++)o[i].style.display=\"none\";for(i=0;i<a.length;i++)s=a[i],e.source===s.contentWindow&&(s.removeAttribute(\"style\"),\"height\"===t.message?(1e3<(r=parseInt(t.value,10))?r=1e3:~~r<200&&(r=200),s.height=r):\"link\"===t.message&&(r=new URL(s.getAttribute(\"src\")),n=new URL(t.value),c.test(n.protocol))&&n.host===r.host&&l.activeElement===s&&(d.top.location.href=t.value))}},d.addEventListener(\"message\",d.wp.receiveEmbedMessage,!1),l.addEventListener(\"DOMContentLoaded\",function(){for(var e,t,s=l.querySelectorAll(\"iframe.wp-embedded-content\"),r=0;r<s.length;r++)(t=(e=s[r]).getAttribute(\"data-secret\"))||(t=Math.random().toString(36).substring(2,12),e.src+=\"#?secret=\"+t,e.setAttribute(\"data-secret\",t)),e.contentWindow.postMessage({message:\"ready\",secret:t},\"*\")},!1)))}(window,document);\n\/\/# sourceURL=https:\/\/dmcsrb.com\/wp-includes\/js\/wp-embed.min.js\n<\/script>","thumbnail_url":"https:\/\/dmcsrb.com\/wp-content\/uploads\/2026\/01\/Mandic-foto-skupstina-cg.webp","thumbnail_width":751,"thumbnail_height":490,"description":"Predsjednik Skup\u0161tine Crne Gore, Andrija Mandi\u0107, poru\u010dio je da Crna Gora danas sa dubokom tugom \u017eali zbog tragi\u010dne pogibije mla\u0111eg vodnika Vojske Crne Gore, Dejana Bo\u017eovi\u0107a, koji je, kako je naveo, polo\u017eio svoj \u017eivot vr\u0161e\u0107i svoju du\u017enost - \u010duvaju\u0107i zemlju i narod."}